{"id":277,"date":"2023-03-21T06:40:21","date_gmt":"2023-03-21T06:40:21","guid":{"rendered":"https:\/\/tierschutzstiftung-boesche.de\/?page_id=277"},"modified":"2023-03-21T06:40:23","modified_gmt":"2023-03-21T06:40:23","slug":"universitaet-tuebingen-forschungsprojekt-mopsfledermaus","status":"publish","type":"page","link":"https:\/\/tierschutzstiftung-boesche.de\/?page_id=277","title":{"rendered":"Universit\u00e4t T\u00fcbingen: Forschungsprojekt Mopsfledermaus"},"content":{"rendered":"<p><b>Untersuchungen zur Quartier- und Jagd\u00f6kologie der Mopsfledermaus (Barbastella barbastellus) im Naturpark Sch\u00f6nbuch<\/b><\/p>\n\n<p>Die Mopsfledermaus war bis vor etwa 40-50 Jahren in vielen Gebieten durchaus h\u00e4ufig. Heute wird diese Art in den Roten Listen als \u201eVom Aussterben bedroht\u201c gef\u00fchrt und genie\u00dft europaweit besonderen Schutz.<\/p>\n\n<style>.kb-row-layout-id_2beb16-c2 > .kt-row-column-wrap{align-content:start;}:where(.kb-row-layout-id_2beb16-c2 > .kt-row-column-wrap) > .wp-block-kadence-column{justify-content:start;}.kb-row-layout-id_2beb16-c2 > .kt-row-column-wrap{column-gap:var(--global-kb-gap-md, 2rem);row-gap:var(--global-kb-gap-md, 2rem);padding-top:var(--global-kb-spacing-sm, 1.5rem);padding-bottom:var(--global-kb-spacing-sm, 1.5rem);grid-template-columns:minmax(0, 2fr) minmax(0, 1fr);}.kb-row-layout-id_2beb16-c2 > .kt-row-layout-overlay{opacity:0.30;}@media all and (max-width: 1024px){.kb-row-layout-id_2beb16-c2 > .kt-row-column-wrap{grid-template-columns:repeat(2, minmax(0, 1fr));}}@media all and (max-width: 767px){.kb-row-layout-id_2beb16-c2 > .kt-row-column-wrap{grid-template-columns:minmax(0, 1fr);}}<\/style><div class=\"kb-row-layout-wrap kb-row-layout-id_2beb16-c2 alignnone wp-block-kadence-rowlayout\"><div class=\"kt-row-column-wrap kt-has-2-columns kt-row-layout-left-golden kt-tab-layout-inherit kt-mobile-layout-row kt-row-valign-top\">\n<style>.kadence-column_0a5912-39 > .kt-inside-inner-col,.kadence-column_0a5912-39 > .kt-inside-inner-col:before{border-top-left-radius:0px;border-top-right-radius:0px;border-bottom-right-radius:0px;border-bottom-left-radius:0px;}.kadence-column_0a5912-39 > .kt-inside-inner-col{column-gap:var(--global-kb-gap-sm, 1rem);}.kadence-column_0a5912-39 > .kt-inside-inner-col{flex-direction:column;}.kadence-column_0a5912-39 > .kt-inside-inner-col > .aligncenter{width:100%;}.kadence-column_0a5912-39 > .kt-inside-inner-col:before{opacity:0.3;}.kadence-column_0a5912-39{position:relative;}@media all and (max-width: 1024px){.kadence-column_0a5912-39 > .kt-inside-inner-col{flex-direction:column;}}@media all and (max-width: 767px){.kadence-column_0a5912-39 > .kt-inside-inner-col{flex-direction:column;}}<\/style>\n<div class=\"wp-block-kadence-column kadence-column_0a5912-39\"><div class=\"kt-inside-inner-col\">\n<p>Im Raum T\u00fcbingen war die Mopsfledermaus letztmals vor rund 40 Jahren beobachtet worden. Im Jahr 2007 konnten im Verlauf einer Kartierung von Flederm\u00e4usen im neuen Bann-waldgebiet \u201eSteinriegelhang\u201c bei Bebenhausen im Naturpark Sch\u00f6nbuch mehrfach Lautauf-nahmen der Mopsfledermaus gemacht werden. Die Mopsfledermaus l\u00e4sst sich anhand ihrer Laute eindeutig identifizieren. Die akustischen Nachweise lassen vermuten, dass diese Art ihr fr\u00fcheres Verbreitungsgebiet in und um T\u00fcbingen wiederbesiedelt hat. Durch den Einsatz telemetrischer Methoden wird versucht, \u00fcber noch unbekannte, aktuelle Quartiere Aufschlu\u00df zu erhalten. Hierzu werden Mopsflederm\u00e4use mit Hilfe von Netzen vorsichtig eingefangen und mit einem kleinen Sender versehen, der in das R\u00fcckenfell geklebt wird und durch das Wachstum der Haare nach ca. drei Wochen von alleine wieder abf\u00e4llt.<\/p>\n<\/div><\/div>\n\n\n<style>.kadence-column_197164-f0 > .kt-inside-inner-col,.kadence-column_197164-f0 > .kt-inside-inner-col:before{border-top-left-radius:0px;border-top-right-radius:0px;border-bottom-right-radius:0px;border-bottom-left-radius:0px;}.kadence-column_197164-f0 > .kt-inside-inner-col{column-gap:var(--global-kb-gap-sm, 1rem);}.kadence-column_197164-f0 > .kt-inside-inner-col{flex-direction:column;}.kadence-column_197164-f0 > .kt-inside-inner-col > .aligncenter{width:100%;}.kadence-column_197164-f0 > .kt-inside-inner-col:before{opacity:0.3;}.kadence-column_197164-f0{position:relative;}@media all and (max-width: 1024px){.kadence-column_197164-f0 > .kt-inside-inner-col{flex-direction:column;}}@media all and (max-width: 767px){.kadence-column_197164-f0 > .kt-inside-inner-col{flex-direction:column;}}<\/style>\n<div class=\"wp-block-kadence-column kadence-column_197164-f0\"><div class=\"kt-inside-inner-col\"><div class=\"wp-block-image\">\n<figure class=\"aligncenter size-full\"><img data-recalc-dims=\"1\" loading=\"lazy\" decoding=\"async\" width=\"300\" height=\"245\" src=\"https:\/\/i0.wp.com\/tierschutzstiftung-boesche.de\/wp-content\/uploads\/2023\/03\/mopsfledermaus-300x245-1.jpg?resize=300%2C245&#038;ssl=1\" alt=\"\" class=\"wp-image-278\"\/><figcaption class=\"wp-element-caption\">Portrait einer Mopsfledermaus (Barbastella barbastellus) (Bild: C. Dietz).<\/figcaption><\/figure><\/div><\/div><\/div>\n\n<\/div><\/div>\n\n<style>.kb-row-layout-id_a05fb9-f3 > .kt-row-column-wrap{align-content:start;}:where(.kb-row-layout-id_a05fb9-f3 > .kt-row-column-wrap) > .wp-block-kadence-column{justify-content:start;}.kb-row-layout-id_a05fb9-f3 > .kt-row-column-wrap{column-gap:var(--global-kb-gap-md, 2rem);row-gap:var(--global-kb-gap-md, 2rem);padding-top:var(--global-kb-spacing-sm, 1.5rem);padding-bottom:var(--global-kb-spacing-sm, 1.5rem);grid-template-columns:repeat(2, minmax(0, 1fr));}.kb-row-layout-id_a05fb9-f3 > .kt-row-layout-overlay{opacity:0.30;}@media all and (max-width: 1024px){.kb-row-layout-id_a05fb9-f3 > .kt-row-column-wrap{grid-template-columns:repeat(2, minmax(0, 1fr));}}@media all and (max-width: 767px){.kb-row-layout-id_a05fb9-f3 > .kt-row-column-wrap{grid-template-columns:minmax(0, 1fr);}}<\/style><div class=\"kb-row-layout-wrap kb-row-layout-id_a05fb9-f3 alignnone wp-block-kadence-rowlayout\"><div class=\"kt-row-column-wrap kt-has-2-columns kt-row-layout-equal kt-tab-layout-inherit kt-mobile-layout-row kt-row-valign-top\">\n<style>.kadence-column_8339dc-8c > .kt-inside-inner-col,.kadence-column_8339dc-8c > .kt-inside-inner-col:before{border-top-left-radius:0px;border-top-right-radius:0px;border-bottom-right-radius:0px;border-bottom-left-radius:0px;}.kadence-column_8339dc-8c > .kt-inside-inner-col{column-gap:var(--global-kb-gap-sm, 1rem);}.kadence-column_8339dc-8c > .kt-inside-inner-col{flex-direction:column;}.kadence-column_8339dc-8c > .kt-inside-inner-col > .aligncenter{width:100%;}.kadence-column_8339dc-8c > .kt-inside-inner-col:before{opacity:0.3;}.kadence-column_8339dc-8c{position:relative;}@media all and (max-width: 1024px){.kadence-column_8339dc-8c > .kt-inside-inner-col{flex-direction:column;}}@media all and (max-width: 767px){.kadence-column_8339dc-8c > .kt-inside-inner-col{flex-direction:column;}}<\/style>\n<div class=\"wp-block-kadence-column kadence-column_8339dc-8c\"><div class=\"kt-inside-inner-col\"><div class=\"wp-block-image\">\n<figure class=\"aligncenter size-full\"><img data-recalc-dims=\"1\" loading=\"lazy\" decoding=\"async\" width=\"210\" height=\"300\" src=\"https:\/\/i0.wp.com\/tierschutzstiftung-boesche.de\/wp-content\/uploads\/2023\/03\/sender-210x300-1.jpg?resize=210%2C300&#038;ssl=1\" alt=\"\" class=\"wp-image-279\"\/><figcaption class=\"wp-element-caption\">Gro\u00dfes Mausohr (Myotis myotis) mit in das R\u00fcckenfell geklebtem Sender (Bild: E. M\u00fcller)<\/figcaption><\/figure><\/div><\/div><\/div>\n\n\n<style>.kadence-column_26cb3b-3a > .kt-inside-inner-col,.kadence-column_26cb3b-3a > .kt-inside-inner-col:before{border-top-left-radius:0px;border-top-right-radius:0px;border-bottom-right-radius:0px;border-bottom-left-radius:0px;}.kadence-column_26cb3b-3a > .kt-inside-inner-col{column-gap:var(--global-kb-gap-sm, 1rem);}.kadence-column_26cb3b-3a > .kt-inside-inner-col{flex-direction:column;}.kadence-column_26cb3b-3a > .kt-inside-inner-col > .aligncenter{width:100%;}.kadence-column_26cb3b-3a > .kt-inside-inner-col:before{opacity:0.3;}.kadence-column_26cb3b-3a{position:relative;}@media all and (max-width: 1024px){.kadence-column_26cb3b-3a > .kt-inside-inner-col{flex-direction:column;}}@media all and (max-width: 767px){.kadence-column_26cb3b-3a > .kt-inside-inner-col{flex-direction:column;}}<\/style>\n<div class=\"wp-block-kadence-column kadence-column_26cb3b-3a\"><div class=\"kt-inside-inner-col\"><div class=\"wp-block-image\">\n<figure class=\"aligncenter size-full\"><img data-recalc-dims=\"1\" loading=\"lazy\" decoding=\"async\" width=\"300\" height=\"263\" src=\"https:\/\/i0.wp.com\/tierschutzstiftung-boesche.de\/wp-content\/uploads\/2023\/03\/peilstab-300x263-1.jpg?resize=300%2C263&#038;ssl=1\" alt=\"\" class=\"wp-image-280\"\/><figcaption class=\"wp-element-caption\">Die vom Sender ausgesandten Signale k\u00f6nnen \u00fcber eine Antenne aufgefangen und \u00fcber die Lautst\u00e4rke Richtung und Entfernung zum Tier festgestellt werden (Bild: K. Wallmeyer).<\/figcaption><\/figure><\/div><\/div><\/div>\n\n<\/div><\/div>\n\n<p>Anhand der vom Sender ausgesandten Signale k\u00f6nnen die Tiere zun\u00e4chst mit dem Auto, dann auch zu Fu\u00df verfolgt werden.<\/p>\n<p>Unter g\u00fcnstigen Bedingungen im Freiland sind die Peillaute noch in einer Entfernung von mehreren Kilometern zu h\u00f6ren. Im Wald wird die Reichweite durch die Vegetation allerdings erheblich eingeschr\u00e4nkt und auf wenige Hundert Meter reduziert. Die Telemetrie ist eine seit Jahren auch bei Flederm\u00e4usen bew\u00e4hrte Methode, um vorher unbekannte Quartiere zu finden und\/oder den Aktionsraum der besenderten Tiere zu bestimmen. Die Tiere, die Fluggeschwindigkeiten von 20-30 km\/h erreichen, bei Nacht mit dem Auto auf oft schmalen Waldwegen zu verfolgen ist eine anstrengende, aber auch sehr spannende Sache.<\/p>\n\n<style>.kb-row-layout-id_fe56d8-47 > .kt-row-column-wrap{align-content:start;}:where(.kb-row-layout-id_fe56d8-47 > .kt-row-column-wrap) > .wp-block-kadence-column{justify-content:start;}.kb-row-layout-id_fe56d8-47 > .kt-row-column-wrap{column-gap:var(--global-kb-gap-md, 2rem);row-gap:var(--global-kb-gap-md, 2rem);padding-top:var(--global-kb-spacing-sm, 1.5rem);padding-bottom:var(--global-kb-spacing-sm, 1.5rem);grid-template-columns:minmax(0, 1fr) minmax(0, 2fr);}.kb-row-layout-id_fe56d8-47 > .kt-row-layout-overlay{opacity:0.30;}@media all and (max-width: 1024px){.kb-row-layout-id_fe56d8-47 > .kt-row-column-wrap{grid-template-columns:repeat(2, minmax(0, 1fr));}}@media all and (max-width: 767px){.kb-row-layout-id_fe56d8-47 > .kt-row-column-wrap{grid-template-columns:minmax(0, 1fr);}}<\/style><div class=\"kb-row-layout-wrap kb-row-layout-id_fe56d8-47 alignnone wp-block-kadence-rowlayout\"><div class=\"kt-row-column-wrap kt-has-2-columns kt-row-layout-right-golden kt-tab-layout-inherit kt-mobile-layout-row kt-row-valign-top\">\n<style>.kadence-column_63b40c-33 > .kt-inside-inner-col,.kadence-column_63b40c-33 > .kt-inside-inner-col:before{border-top-left-radius:0px;border-top-right-radius:0px;border-bottom-right-radius:0px;border-bottom-left-radius:0px;}.kadence-column_63b40c-33 > .kt-inside-inner-col{column-gap:var(--global-kb-gap-sm, 1rem);}.kadence-column_63b40c-33 > .kt-inside-inner-col{flex-direction:column;}.kadence-column_63b40c-33 > .kt-inside-inner-col > .aligncenter{width:100%;}.kadence-column_63b40c-33 > .kt-inside-inner-col:before{opacity:0.3;}.kadence-column_63b40c-33{position:relative;}@media all and (max-width: 1024px){.kadence-column_63b40c-33 > .kt-inside-inner-col{flex-direction:column;}}@media all and (max-width: 767px){.kadence-column_63b40c-33 > .kt-inside-inner-col{flex-direction:column;}}<\/style>\n<div class=\"wp-block-kadence-column kadence-column_63b40c-33\"><div class=\"kt-inside-inner-col\"><div class=\"wp-block-image\">\n<figure class=\"aligncenter size-full\"><img data-recalc-dims=\"1\" loading=\"lazy\" decoding=\"async\" width=\"198\" height=\"300\" src=\"https:\/\/i0.wp.com\/tierschutzstiftung-boesche.de\/wp-content\/uploads\/2023\/03\/baumstamm-198x300-1.jpg?resize=198%2C300&#038;ssl=1\" alt=\"\" class=\"wp-image-281\"\/><figcaption class=\"wp-element-caption\">Es hat sich gezeigt, dass Mopsflederm\u00e4use tags\u00fcber gerne abgeplatzte Rindenst\u00fccke als Versteck benutzen (Bild: E. M\u00fcller).<\/figcaption><\/figure><\/div><\/div><\/div>\n\n\n<style>.kadence-column_55b139-79 > .kt-inside-inner-col,.kadence-column_55b139-79 > .kt-inside-inner-col:before{border-top-left-radius:0px;border-top-right-radius:0px;border-bottom-right-radius:0px;border-bottom-left-radius:0px;}.kadence-column_55b139-79 > .kt-inside-inner-col{column-gap:var(--global-kb-gap-sm, 1rem);}.kadence-column_55b139-79 > .kt-inside-inner-col{flex-direction:column;}.kadence-column_55b139-79 > .kt-inside-inner-col > .aligncenter{width:100%;}.kadence-column_55b139-79 > .kt-inside-inner-col:before{opacity:0.3;}.kadence-column_55b139-79{position:relative;}@media all and (max-width: 1024px){.kadence-column_55b139-79 > .kt-inside-inner-col{flex-direction:column;}}@media all and (max-width: 767px){.kadence-column_55b139-79 > .kt-inside-inner-col{flex-direction:column;}}<\/style>\n<div class=\"wp-block-kadence-column kadence-column_55b139-79\"><div class=\"kt-inside-inner-col\">\n<p>Die Mopsfledermaus bevorzugt als Tagesverstecke Spaltr\u00e4ume, z.B. hinter Fensterl\u00e4den und \u00e4hnlichen Strukturen an Geb\u00e4uden. Im Wald werden gerne abgeplatzte Rindenst\u00fccke als Quartier benutzt.<\/p>\n<p>Man hofft, auch schwangere Weibchen fangen zu k\u00f6nnen und so Wochenstuben der Mopsfledermaus aufzusp\u00fcren. Das Auffinden dieser Quartiere als Teil einer gr\u00f6\u00dfer angelegten Untersuchung \u00fcber die Mopsfledermaus ist von gro\u00dfer Bedeutung, da nur so gezielte Ma\u00dfnahmen zu deren Schutz und Erhaltung getroffen werden k\u00f6nnen.<\/p>\n<p>Dieses von der Tierschutz-Stiftung Wolfgang B\u00f6sche unterst\u00fctzte Artenschutzprojekt wird im Rahmen der wissenschaftlichen Staatsexamensarbeit der Biologie-Studentin Katrin Pfl\u00fcger unter der Leitung von Herrn Prof. Dr. Ewald M\u00fcller an der Universit\u00e4t T\u00fcbingen (Fachbereich Bilologie, Zoologisches Institut, Abteilung \u00f6kologie der Tiere) durchgef\u00fchrt.<\/p>\n<\/div><\/div>\n\n<\/div><\/div>","protected":false},"excerpt":{"rendered":"<p>Untersuchungen zur Quartier- und Jagd\u00f6kologie der Mopsfledermaus (Barbastella barbastellus) im Naturpark Sch\u00f6nbuch Die Mopsfledermaus war bis vor etwa 40-50 Jahren in vielen Gebieten durchaus h\u00e4ufig. Heute wird diese Art in den Roten Listen als \u201eVom Aussterben bedroht\u201c gef\u00fchrt und genie\u00dft europaweit besonderen Schutz. Im Raum T\u00fcbingen war die Mopsfledermaus letztmals vor rund 40 Jahren beobachtet&#8230;<\/p>\n","protected":false},"author":1,"featured_media":0,"parent":0,"menu_order":0,"comment_status":"closed","ping_status":"closed","template":"","meta":{"_kadence_starter_templates_imported_post":false,"_kad_post_transparent":"","_kad_post_title":"","_kad_post_layout":"","_kad_post_sidebar_id":"","_kad_post_content_style":"","_kad_post_vertical_padding":"","_kad_post_feature":"","_kad_post_feature_position":"","_kad_post_header":false,"_kad_post_footer":false,"_kad_post_classname":"","footnotes":""},"class_list":["post-277","page","type-page","status-publish","hentry"],"lang":"de","translations":{"de":277,"en":283},"jetpack_sharing_enabled":true,"pll_sync_post":[],"_links":{"self":[{"href":"https:\/\/tierschutzstiftung-boesche.de\/index.php?rest_route=\/wp\/v2\/pages\/277"}],"collection":[{"href":"https:\/\/tierschutzstiftung-boesche.de\/index.php?rest_route=\/wp\/v2\/pages"}],"about":[{"href":"https:\/\/tierschutzstiftung-boesche.de\/index.php?rest_route=\/wp\/v2\/types\/page"}],"author":[{"embeddable":true,"href":"https:\/\/tierschutzstiftung-boesche.de\/index.php?rest_route=\/wp\/v2\/users\/1"}],"replies":[{"embeddable":true,"href":"https:\/\/tierschutzstiftung-boesche.de\/index.php?rest_route=%2Fwp%2Fv2%2Fcomments&post=277"}],"version-history":[{"count":0,"href":"https:\/\/tierschutzstiftung-boesche.de\/index.php?rest_route=\/wp\/v2\/pages\/277\/revisions"}],"wp:attachment":[{"href":"https:\/\/tierschutzstiftung-boesche.de\/index.php?rest_route=%2Fwp%2Fv2%2Fmedia&parent=277"}],"curies":[{"name":"wp","href":"https:\/\/api.w.org\/{rel}","templated":true}]}}